{"id":202,"date":"2020-05-20T02:27:24","date_gmt":"2020-05-20T00:27:24","guid":{"rendered":"http:\/\/ospweglowka.pl\/?page_id=202"},"modified":"2020-06-04T14:29:01","modified_gmt":"2020-06-04T12:29:01","slug":"historia-jednostki","status":"publish","type":"page","link":"https:\/\/ospweglowka.pl\/index.php\/remiza-2\/historia-jednostki\/","title":{"rendered":"Historia jednostki"},"content":{"rendered":"\n<p class=\"wp-block-paragraph\"><em><strong>&#8222;W stra\u017cy po\u017carnej b\u0119dziemy razem walczy\u0107 przeciwko jednemu wsp\u00f3lnemu wrogowi \u2013 ogniowi \u2013 bez wzgl\u0119du na kraj, pochodzenie, to w czym chodzimy i w jakim j\u0119zyku m\u00f3wimy\u201d.<\/strong><\/em><\/p>\n\n\n\n<p class=\"wp-block-paragraph\"><strong>J.J. Edmondson<\/strong><\/p>\n\n\n\n<p class=\"wp-block-paragraph\"><strong>Stra\u017cak<\/strong> &#8211; d\u0142ugo mo\u017cnaby m\u00f3wi\u0107 o tak honorowym zawodzie. Zapewne wszyscy cho\u0107 raz byli\u015bmy \u015bwiadkami po\u017caru, czy przygotowa\u0144 stra\u017cak\u00f3w do wyjazdu na akcj\u0119. Twardzi charakterem, wra\u017cliwi sercem. \u015awiadomi ryzyka, rzucaj\u0105c wszystko, biegn\u0105 nam na ratunek\u2026<\/p>\n\n\n\n<p class=\"wp-block-paragraph\"><em><u><strong>HISTORIA OSP W\u0118GL\u00d3WKA<\/strong><\/u><\/em><\/p>\n\n\n\n<p class=\"wp-block-paragraph\"><strong>Pocz\u0105tki by\u0142y trudne..<\/strong><\/p>\n\n\n\n<p class=\"wp-block-paragraph\">Historia OSP W\u0119gl\u00f3wka si\u0119ga 56 lat wstecz, dok\u0142adniej do 1957 roku, kiedy to Ochotnicza Stra\u017c Po\u017carna rozpocz\u0119\u0142a swoj\u0105 dzia\u0142alno\u015b\u0107. Pocz\u0105tkami liczy\u0142a zaledwie o\u015bmiu cz\u0142onk\u00f3w. Nie min\u0119\u0142o kilka miesi\u0119cy, a ju\u017c zakupiono pierwszy element wyposa\u017cenia &#8211; r\u0119czn\u0105 pomp\u0119 do gaszenia po\u017car\u00f3w. Nie trzeba by\u0142o te\u017c d\u0142ugo czeka\u0107 na powi\u0119kszenie si\u0119 dru\u017cyny &#8211; 13 zwartych i gotowych stra\u017cak\u00f3w. Wkr\u00f3tce komendantem zosta\u0142 Dh Jan Goryl, a po nim W\u0142adys\u0142aw Gawe\u0142. Pierwszym prezesem zosta\u0142 Dh W\u0142adys\u0142aw Obajtek. W roku 1963 Komendantem Ochotniczej Stra\u017cy Po\u017carnej w W\u0119gl\u00f3wce zostaje Dh Tadeusz Smyksy. Wspominany jest jako osoba bardzo oddana stra\u017cy i zaanga\u017cowana w jej dzia\u0142alno\u015b\u0107.<\/p>\n\n\n\n<p class=\"wp-block-paragraph\"><em>&#8222;Pocz\u0105tki by\u0142y trudne. W 1967 roku kupiono syren\u0119 alarmow\u0105, to j\u0105 zamontowano na dachu domu u Smyksego. Motopomp\u0119 te\u017c u niego na ganku trzymano. Z biegiem czasu zakupiono w\u00f3z konny, kt\u00f3rym je\u017cd\u017cono do po\u017car\u00f3w. Konie udost\u0119pniali stra\u017cacy, bo ka\u017cdy by\u0142 rolnikiem i konia mia\u0142&#8221;.<\/em><\/p>\n\n\n\n<p class=\"wp-block-paragraph\"><em><strong>Wieczorami powstawa\u0142a ma\u0142a remiza..<\/strong><\/em><\/p>\n\n\n\n<p class=\"wp-block-paragraph\"><em>Cztery lata p\u00f3\u017aniej, przy pomocy Komendy Powiatowej Stra\u017cy Po\u017carnej zakupiono motopomp\u0119 Polonia Po3. Komplikacj\u0105 by\u0142a kwestia przechowywania sprz\u0119tu po\u017carniczego. Zacz\u0119to wi\u0119c powa\u017cnie my\u015ble\u0107 o budowie pomieszczenia dla OSP. Jan Smyksy &#8211; ojciec \u00f3wczesnego komendanta Dh Tadeusza Smyksego podarowa\u0142 OSP dzia\u0142k\u0119 o powierzchni 288 m2, a drug\u0105 cz\u0119\u015b\u0107 odkupiono od Dh J\u00f3zefa Fryca. Mimo wielu stara\u0144 &#8211; jak mo\u017cna<\/em><\/p>\n\n\n\n<p class=\"wp-block-paragraph\"><em>by\u0142o si\u0119 spodziewa\u0107 &#8211; pozwolenia na budow\u0119 takiego obiektu nie otrzymano. Mimo to, honorowi mieszka\u0144cy W\u0119gl\u00f3wki zacz\u0119li ofiarowywa\u0107 materia\u0142y budowlane. Nie posiadaj\u0105c oficjalnego zezwolenia na budow\u0119 wzniesiono skromn\u0105 stra\u017cnic\u0119.<\/em><\/p>\n\n\n\n<p class=\"wp-block-paragraph\"><em>&#8222;Pozwolenia nie otrzymali\u015bmy, ale materia\u0142y gromadzili\u015bmy. I tak wieczorami powstawa\u0142a ma\u0142a remiza, kt\u00f3ra s\u0142u\u017cy\u0142a do 2001 roku&#8221;.<\/em><\/p>\n\n\n\n<p class=\"wp-block-paragraph\"><em><strong>To by\u0142o pierwsze auto stra\u017cackie..<\/strong><\/em><\/p>\n\n\n\n<p class=\"wp-block-paragraph\"><em>W 1986 roku prezesem OSP W\u0119gl\u00f3wka zosta\u0142 Dh Stanis\u0142aw Drab. Zaledwie dwa lata p\u00f3\u017aniej nasza jednostka otrzyma\u0142a pierwszy pojazd stra\u017cacki &#8211; UAZ (czyli znany nam wszystkim &#8222;gazik&#8221; <\/em><em>\u263b<\/em><em>) oraz now\u0105 motopomp\u0119 Po5.<\/em><\/p>\n\n\n\n<p class=\"wp-block-paragraph\"><em>&#8222;To by\u0142o pierwsze auto stra\u017cackie. Niezbyt wielkie, ale mo\u017cna by\u0142o dojecha\u0107 nim wsz\u0119dzie. Pomie\u015bci\u0142o pi\u0119ciu stra\u017cak\u00f3w, motopomp\u0119 oraz w\u0119\u017ce potrzebne do akcji&#8221;.<\/em><\/p>\n\n\n\n<p class=\"wp-block-paragraph\"><em><strong>35-lecie OSP to by\u0142o wa\u017cne wydarzenie..<\/strong><\/em><\/p>\n\n\n\n<p class=\"wp-block-paragraph\"><em>8 listopada 1992 roku z okazji 35-lecia istnienia OSP W\u0119gl\u00f3wka podczas uroczystej Mszy \u015awi\u0119tej mia\u0142o miejsce po\u015bwi\u0119cenie sztandaru, kt\u00f3ry przekazano jednostce OSP. W tym czasie liczy\u0142a ju\u017c ona 25 czynnych cz\u0142onk\u00f3w, 5 honorowych oraz 10 wspieraj\u0105cych. W 1997 roku swoj\u0105 kadencj\u0119 komendanta ko\u0144czy Dh Tadeusz Smysky. Na jego miejsce wst\u0119puje Dh Tadeusz Olesek. Ze stanowiska prezesa ust\u0119puj\u0119 r\u00f3wnie\u017c Dh Stanis\u0142aw Drab, oddaj\u0105c je Dh Wojciechowi Olesek, a wiceprezesem zostaje Dh Roman Gawe\u0142.<\/em><\/p>\n\n\n\n<p class=\"wp-block-paragraph\"><em>&#8222;35 &#8211; lecie OSP to by\u0142o wa\u017cne wydarzenie. Msza \u015awi\u0119ta, po\u015bwi\u0119cenie sztandaru&#8230; Sami sobie go ufundowali\u015bmy. A w dziewi\u0119\u0107dziesi\u0105tym si\u00f3dmym odby\u0142a si\u0119 zmiana zarz\u0105du&#8221;.<\/em><\/p>\n\n\n\n<p class=\"wp-block-paragraph\"><em><strong>To nie by\u0142a taka spontaniczna decyzja..<\/strong><\/em><\/p>\n\n\n\n<p class=\"wp-block-paragraph\"><em>D\u0142ugo rozwa\u017ca si\u0119 budow\u0119 nowego budynku stra\u017cackiego. Pierwsza stra\u017cnica ca\u0142y czas nie spe\u0142nia potrzeb druh\u00f3w. W sierpniu 2001 roku odbywa si\u0119 zebranie OSP W\u0119gl\u00f3wka, kt\u00f3remu przewodniczy\u0142 \u00f3wczesny wiceprezes Dh Roman Gawe\u0142. Oficjalnie zostaje podj\u0119ta decyzja o budowie nowej remizy. Druhowie wyrazili zgod\u0119 na samoopodatkowanie si\u0119 oraz poparli projekt. 28 pa\u017adziernika 2001 r. zostaje wmurowana tablica pami\u0105tkowa. Tego samego roku funkcj\u0119 komendanta obejmuje wcze\u015bniejszy prezes, Dh Stanis\u0142aw Drab.<\/em><\/p>\n\n\n\n<p class=\"wp-block-paragraph\"><em>&#8222;To nie by\u0142a taka spontaniczna decyzja. Poprzedza\u0142o j\u0105 wiele przygotowa\u0144. Wiadomo, \u017ce to by\u0142o dla nas bardzo wa\u017cne&#8230; Dotychczasowa remiza by\u0142a zbyt ciasna i ma\u0142a. Dzi\u0119ki ogromnej pomocy w\u0119glowskich stra\u017cak\u00f3w (rekordzi\u015bci przepracowali nieodp\u0142atnie ponad 40 dni\u00f3wek) oraz mieszka\u0144c\u00f3w wsi szybko powsta\u0142a nowa remiza. Jak wiadomo ka\u017cdy poci\u0105g musi mie\u0107 lokomotyw\u0119. I tak\u0105 lokomotyw\u0105, przy budowie remizy by\u0142 obecny prezes Dh Roman Gawe\u0142&#8221;.<\/em><\/p>\n\n\n\n<p class=\"wp-block-paragraph\"><em><strong>Stali\u015bmy si\u0119 bardziej profesjonaln\u0105 stra\u017c\u0105..<\/strong><\/em><\/p>\n\n\n\n<p class=\"wp-block-paragraph\"><em>30 grudnia 2004 roku zostaje po\u015bwi\u0119cona i oddana do u\u017cytku nowa remiza, wraz z sal\u0105 bankietow\u0105, kuchni\u0105 i pokojami dla go\u015bci. Nale\u017cy tu podkre\u015bli\u0107, \u017ce nie by\u0142oby to mo\u017cliwe, gdyby nie: zaanga\u017cowanie stra\u017cak\u00f3w, w\u0142adz lokalnych, jak r\u00f3wnie\u017c ofiarno\u015b\u0107 finansowa (drzewo na dach, nieodp\u0142atna praca fizyczna) mieszka\u0144c\u00f3w W\u0119gl\u00f3wki i sponsor\u00f3w. Rok p\u00f3\u017aniej zostaje zakupiony samoch\u00f3d stra\u017cacki Mercedes, motopompa Tohatsu, pompa Niagara oraz agregat pr\u0105dotw\u00f3rczy.<\/em><\/p>\n\n\n\n<p class=\"wp-block-paragraph\"><em>&#8222;Dzi\u0119ki coraz lepszemu wyposa\u017ceniu naszej jednostki stali\u015bmy si\u0119 bardziej profesjonaln\u0105 stra\u017c\u0105. Mogli\u015bmy szybciej i bezpieczniej dzia\u0142a\u0107&#8221;.<\/em><\/p>\n<h3>Related Images:<\/h3>","protected":false},"excerpt":{"rendered":"<p>&#8222;W stra\u017cy po\u017carnej b\u0119dziemy razem walczy\u0107 przeciwko jednemu wsp\u00f3lnemu wrogowi \u2013 ogniowi \u2013 bez wzgl\u0119du&hellip;<\/p>\n","protected":false},"author":1,"featured_media":0,"parent":24,"menu_order":0,"comment_status":"closed","ping_status":"closed","template":"","meta":{"ngg_post_thumbnail":0,"footnotes":"","_links_to":"","_links_to_target":""},"class_list":["post-202","page","type-page","status-publish","hentry"],"_links":{"self":[{"href":"https:\/\/ospweglowka.pl\/index.php\/wp-json\/wp\/v2\/pages\/202","targetHints":{"allow":["GET"]}}],"collection":[{"href":"https:\/\/ospweglowka.pl\/index.php\/wp-json\/wp\/v2\/pages"}],"about":[{"href":"https:\/\/ospweglowka.pl\/index.php\/wp-json\/wp\/v2\/types\/page"}],"author":[{"embeddable":true,"href":"https:\/\/ospweglowka.pl\/index.php\/wp-json\/wp\/v2\/users\/1"}],"replies":[{"embeddable":true,"href":"https:\/\/ospweglowka.pl\/index.php\/wp-json\/wp\/v2\/comments?post=202"}],"version-history":[{"count":2,"href":"https:\/\/ospweglowka.pl\/index.php\/wp-json\/wp\/v2\/pages\/202\/revisions"}],"predecessor-version":[{"id":234,"href":"https:\/\/ospweglowka.pl\/index.php\/wp-json\/wp\/v2\/pages\/202\/revisions\/234"}],"up":[{"embeddable":true,"href":"https:\/\/ospweglowka.pl\/index.php\/wp-json\/wp\/v2\/pages\/24"}],"wp:attachment":[{"href":"https:\/\/ospweglowka.pl\/index.php\/wp-json\/wp\/v2\/media?parent=202"}],"curies":[{"name":"wp","href":"https:\/\/api.w.org\/{rel}","templated":true}]}}